{"id":11,"date":"2023-09-25T16:21:04","date_gmt":"2023-09-25T14:21:04","guid":{"rendered":"http:\/\/gonzalogamizfoto.com\/?page_id=11"},"modified":"2026-03-08T00:00:28","modified_gmt":"2026-03-07T23:00:28","slug":"inicio","status":"publish","type":"page","link":"https:\/\/gonzalogamizfoto.com\/en\/","title":{"rendered":"Home"},"content":{"rendered":"\t\t<div data-elementor-type=\"wp-page\" data-elementor-id=\"11\" class=\"elementor elementor-11\" data-elementor-post-type=\"page\">\n\t\t\t\t<div class=\"elementor-element elementor-element-39f58a7 e-con-full e-flex e-con e-parent\" data-id=\"39f58a7\" data-element_type=\"container\" data-e-type=\"container\">\n\t\t\t\t<div class=\"elementor-element elementor-element-658df33 elementor-widget elementor-widget-text-editor\" data-id=\"658df33\" data-element_type=\"widget\" data-e-type=\"widget\" data-widget_type=\"text-editor.default\">\n\t\t\t\t<div class=\"elementor-widget-container\">\n\t\t\t\t\t\t\t\t\t\t\n<div id=\"metaslider-id-7726\" style=\"width: 100%; margin: 0 auto;\" class=\"ml-slider-3-108-0 metaslider metaslider-responsive metaslider-7726 ml-slider color: #000000;   font-size: 50px;   font-weight: lighter; ms-theme-default no-text\" role=\"region\" aria-label=\"New Slideshow\" data-height=\"1500\" data-width=\"1500\">\n    <div id=\"metaslider_container_7726\">\n        <ul id='metaslider_7726' class='rslides'>\n            <li aria-roledescription='slide' aria-labelledby='slide-0'><img fetchpriority=\"high\" decoding=\"async\" width=\"2000\" height=\"1039\" src=\"https:\/\/gonzalogamizfoto.com\/wp-content\/uploads\/2018\/01\/Opt_07.jpg\" class=\"slider-7726 slide-7757 msDefaultImage\" alt=\"Fotografo Profesional M\u00e1laga, Fotografo M\u00e1laga, Fotografo Granada, Fotografo, Fotografo, Marbella, Fotografo Torremolinos, Fotografo Benalm\u00e1dena, Fotografo Fuengirola, Fotografo Frigiliana, Fotografo Torre del Mar, Fotografo Rinc\u00f3n de la Victoria, Fotografo Torrox, Fotografo Paisajes, Fotografo Profesional Hoteles, Fotografo Profesional Inmobiliaria, Fotografo Interiorismo, Fotografo Arquitectura, Fotografo Decoraci\u00f3n, Fotografia Decorativa, Fotografo Turismo, Fotografo Viajes\" rel=\"\" title=\"\" \/><div class=\"caption-wrap\"><div class=\"caption\">Fot\u00f3grafo Profesional M\u00e1laga Marbella Granada Nerja | Fotografo Arquitectura | Fotografo Hoteles | Fotografo Interiorismo | Fotografo Inmobiliaria | Fotografo Decoracion | Fotografo Viajes<\/div><\/div><\/li>\n            <li style='display: none;' aria-roledescription='slide' aria-labelledby='slide-1'><img decoding=\"async\" width=\"2000\" height=\"1039\" src=\"https:\/\/gonzalogamizfoto.com\/wp-content\/uploads\/2023\/10\/H-Mariposa-117-HDR-Suite_7.jpg\" class=\"slider-7726 slide-8556 msDefaultImage\" alt=\"\" rel=\"\" title=\"\" srcset=\"https:\/\/gonzalogamizfoto.com\/wp-content\/uploads\/2023\/10\/H-Mariposa-117-HDR-Suite_7.jpg 2000w, https:\/\/gonzalogamizfoto.com\/wp-content\/uploads\/2023\/10\/H-Mariposa-117-HDR-Suite_7-300x156.jpg 300w, https:\/\/gonzalogamizfoto.com\/wp-content\/uploads\/2023\/10\/H-Mariposa-117-HDR-Suite_7-1024x532.jpg 1024w, https:\/\/gonzalogamizfoto.com\/wp-content\/uploads\/2023\/10\/H-Mariposa-117-HDR-Suite_7-768x399.jpg 768w, https:\/\/gonzalogamizfoto.com\/wp-content\/uploads\/2023\/10\/H-Mariposa-117-HDR-Suite_7-1536x798.jpg 1536w, https:\/\/gonzalogamizfoto.com\/wp-content\/uploads\/2023\/10\/H-Mariposa-117-HDR-Suite_7-500x260.jpg 500w\" sizes=\"(max-width: 2000px) 100vw, 2000px\" \/><div class=\"caption-wrap\"><div class=\"caption\">Fot\u00f3grafo Profesional M\u00e1laga Marbella Granada Nerja | Fotografo Arquitectura | Fotografo Hoteles | Fotografo Interiorismo | Fotografo Inmobiliaria | Fotografo Decoracion | Fotografo Viajes <\/div><\/div><\/li>\n            <li style='display: none;' aria-roledescription='slide' aria-labelledby='slide-2'><img decoding=\"async\" width=\"2000\" height=\"1039\" src=\"https:\/\/gonzalogamizfoto.com\/wp-content\/uploads\/2020\/12\/Opt_08.jpg\" class=\"slider-7726 slide-7732 msDefaultImage\" alt=\"\" rel=\"\" title=\"\" \/><div class=\"caption-wrap\"><div class=\"caption\">Fot\u00f3grafo Profesional M\u00e1laga Marbella Granada Nerja | Fotografo Arquitectura | Fotografo Hoteles | Fotografo Interiorismo | Fotografo Inmobiliaria | Fotografo Decoracion | Fotografo Viajes<\/div><\/div><\/li>\n            <li style='display: none;' aria-roledescription='slide' aria-labelledby='slide-3'><img loading=\"lazy\" decoding=\"async\" width=\"2000\" height=\"1039\" src=\"https:\/\/gonzalogamizfoto.com\/wp-content\/uploads\/2024\/01\/Isla-de-Flores.jpg\" class=\"slider-7726 slide-8931 msDefaultImage\" alt=\"\" rel=\"\" title=\"\" srcset=\"https:\/\/gonzalogamizfoto.com\/wp-content\/uploads\/2024\/01\/Isla-de-Flores.jpg 2000w, https:\/\/gonzalogamizfoto.com\/wp-content\/uploads\/2024\/01\/Isla-de-Flores-300x156.jpg 300w, https:\/\/gonzalogamizfoto.com\/wp-content\/uploads\/2024\/01\/Isla-de-Flores-1024x532.jpg 1024w, https:\/\/gonzalogamizfoto.com\/wp-content\/uploads\/2024\/01\/Isla-de-Flores-768x399.jpg 768w, https:\/\/gonzalogamizfoto.com\/wp-content\/uploads\/2024\/01\/Isla-de-Flores-1536x798.jpg 1536w, https:\/\/gonzalogamizfoto.com\/wp-content\/uploads\/2024\/01\/Isla-de-Flores-18x9.jpg 18w, https:\/\/gonzalogamizfoto.com\/wp-content\/uploads\/2024\/01\/Isla-de-Flores-500x260.jpg 500w\" sizes=\"(max-width: 2000px) 100vw, 2000px\" \/><div class=\"caption-wrap\"><div class=\"caption\">Fot\u00f3grafo Profesional en M\u00e1laga Granada Marbella Nerja. Fotograf\u00eda Art\u00edstica. Fotograf\u00eda de Arquitectura. Fotograf\u00eda de Interiorismo. Fotograf\u00eda Inmobiliaria<\/div><\/div><\/li>\n            <li style='display: none;' aria-roledescription='slide' aria-labelledby='slide-4'><img loading=\"lazy\" decoding=\"async\" width=\"2000\" height=\"1039\" src=\"https:\/\/gonzalogamizfoto.com\/wp-content\/uploads\/2018\/01\/Opt_22.jpg\" class=\"slider-7726 slide-7749 msDefaultImage\" alt=\"Fotografo Profesional M\u00e1laga, Fotografo M\u00e1laga, Fotografo Granada, Fotografo, Fotografo, Marbella, Fotografo Torremolinos, Fotografo Benalm\u00e1dena, Fotografo Fuengirola, Fotografo Frigiliana, Fotografo Torre del Mar, Fotografo Rinc\u00f3n de la Victoria, Fotografo Torrox, Fotografo Paisajes, Fotografo Profesional Hoteles, Fotografo Profesional Inmobiliaria, Fotografo Interiorismo, Fotografo Arquitectura, Fotografo Decoraci\u00f3n, Fotografia Decorativa, Fotografo Turismo, Fotografo Viajes\" rel=\"\" title=\"\" \/><div class=\"caption-wrap\"><div class=\"caption\">Fot\u00f3grafo Profesional M\u00e1laga Marbella Granada Nerja | Fotografo Arquitectura | Fotografo Hoteles | Fotografo Interiorismo | Fotografo Inmobiliaria | Fotografo Decoracion | Fotografo Viajes<\/div><\/div><\/li>\n            <li style='display: none;' aria-roledescription='slide' aria-labelledby='slide-5'><img loading=\"lazy\" decoding=\"async\" width=\"2000\" height=\"1039\" src=\"https:\/\/gonzalogamizfoto.com\/wp-content\/uploads\/2024\/01\/Fotografia-de-gaviotas-en-Torre-del-mar.jpg\" class=\"slider-7726 slide-8951 msDefaultImage\" alt=\"\" rel=\"\" title=\"\" srcset=\"https:\/\/gonzalogamizfoto.com\/wp-content\/uploads\/2024\/01\/Fotografia-de-gaviotas-en-Torre-del-mar.jpg 2000w, https:\/\/gonzalogamizfoto.com\/wp-content\/uploads\/2024\/01\/Fotografia-de-gaviotas-en-Torre-del-mar-300x156.jpg 300w, https:\/\/gonzalogamizfoto.com\/wp-content\/uploads\/2024\/01\/Fotografia-de-gaviotas-en-Torre-del-mar-1024x532.jpg 1024w, https:\/\/gonzalogamizfoto.com\/wp-content\/uploads\/2024\/01\/Fotografia-de-gaviotas-en-Torre-del-mar-768x399.jpg 768w, https:\/\/gonzalogamizfoto.com\/wp-content\/uploads\/2024\/01\/Fotografia-de-gaviotas-en-Torre-del-mar-1536x798.jpg 1536w, https:\/\/gonzalogamizfoto.com\/wp-content\/uploads\/2024\/01\/Fotografia-de-gaviotas-en-Torre-del-mar-18x9.jpg 18w, https:\/\/gonzalogamizfoto.com\/wp-content\/uploads\/2024\/01\/Fotografia-de-gaviotas-en-Torre-del-mar-500x260.jpg 500w\" sizes=\"(max-width: 2000px) 100vw, 2000px\" \/><div class=\"caption-wrap\"><div class=\"caption\">Fot\u00f3grafo Profesional en M\u00e1laga Granada Marbella Nerja. Fotograf\u00eda Art\u00edstica. Fotograf\u00eda de Arquitectura. Fotograf\u00eda de Interiorismo. Fotograf\u00eda Inmobiliaria<\/div><\/div><\/li>\n            <li style='display: none;' aria-roledescription='slide' aria-labelledby='slide-6'><img loading=\"lazy\" decoding=\"async\" width=\"2000\" height=\"1039\" src=\"https:\/\/gonzalogamizfoto.com\/wp-content\/uploads\/2023\/10\/DSC_0038-central-Cofrentes.jpg\" class=\"slider-7726 slide-8562 msDefaultImage\" alt=\"\" rel=\"\" title=\"\" srcset=\"https:\/\/gonzalogamizfoto.com\/wp-content\/uploads\/2023\/10\/DSC_0038-central-Cofrentes.jpg 2000w, https:\/\/gonzalogamizfoto.com\/wp-content\/uploads\/2023\/10\/DSC_0038-central-Cofrentes-300x156.jpg 300w, https:\/\/gonzalogamizfoto.com\/wp-content\/uploads\/2023\/10\/DSC_0038-central-Cofrentes-1024x532.jpg 1024w, https:\/\/gonzalogamizfoto.com\/wp-content\/uploads\/2023\/10\/DSC_0038-central-Cofrentes-768x399.jpg 768w, https:\/\/gonzalogamizfoto.com\/wp-content\/uploads\/2023\/10\/DSC_0038-central-Cofrentes-1536x798.jpg 1536w, https:\/\/gonzalogamizfoto.com\/wp-content\/uploads\/2023\/10\/DSC_0038-central-Cofrentes-500x260.jpg 500w\" sizes=\"(max-width: 2000px) 100vw, 2000px\" \/><div class=\"caption-wrap\"><div class=\"caption\">Fot\u00f3grafo Profesional M\u00e1laga Marbella Granada Nerja | Fotografo Arquitectura | Fotografo Hoteles | Fotografo Interiorismo | Fotografo Inmobiliaria | Fotografo Decoracion | Fotografo Viajes <\/div><\/div><\/li>\n            <li style='display: none;' aria-roledescription='slide' aria-labelledby='slide-7'><img loading=\"lazy\" decoding=\"async\" width=\"2000\" height=\"1039\" src=\"https:\/\/gonzalogamizfoto.com\/wp-content\/uploads\/2018\/01\/Opt_20.jpg\" class=\"slider-7726 slide-7747 msDefaultImage\" alt=\"Fotografo Profesional M\u00e1laga, Fotografo M\u00e1laga, Fotografo Granada, Fotografo, Fotografo, Marbella, Fotografo Torremolinos, Fotografo Benalm\u00e1dena, Fotografo Fuengirola, Fotografo Frigiliana, Fotografo Torre del Mar, Fotografo Rinc\u00f3n de la Victoria, Fotografo Torrox, Fotografo Paisajes, Fotografo Profesional Hoteles, Fotografo Profesional Inmobiliaria, Fotografo Interiorismo, Fotografo Arquitectura, Fotografo Decoraci\u00f3n, Fotografia Decorativa, Fotografo Turismo, Fotografo Viajes\" rel=\"\" title=\"\" \/><div class=\"caption-wrap\"><div class=\"caption\">Fot\u00f3grafo Profesional M\u00e1laga Marbella Granada Nerja | Fotografo Arquitectura | Fotografo Hoteles | Fotografo Interiorismo | Fotografo Inmobiliaria | Fotografo Decoracion | Fotografo Viajes<\/div><\/div><\/li>\n            <li style='display: none;' aria-roledescription='slide' aria-labelledby='slide-8'><img loading=\"lazy\" decoding=\"async\" width=\"2000\" height=\"1039\" src=\"https:\/\/gonzalogamizfoto.com\/wp-content\/uploads\/2023\/11\/Circo_del_Sol-19_46.jpg\" class=\"slider-7726 slide-8568 msDefaultImage\" alt=\"\" rel=\"\" title=\"\" srcset=\"https:\/\/gonzalogamizfoto.com\/wp-content\/uploads\/2023\/11\/Circo_del_Sol-19_46.jpg 2000w, https:\/\/gonzalogamizfoto.com\/wp-content\/uploads\/2023\/11\/Circo_del_Sol-19_46-300x156.jpg 300w, https:\/\/gonzalogamizfoto.com\/wp-content\/uploads\/2023\/11\/Circo_del_Sol-19_46-1024x532.jpg 1024w, https:\/\/gonzalogamizfoto.com\/wp-content\/uploads\/2023\/11\/Circo_del_Sol-19_46-768x399.jpg 768w, https:\/\/gonzalogamizfoto.com\/wp-content\/uploads\/2023\/11\/Circo_del_Sol-19_46-1536x798.jpg 1536w, https:\/\/gonzalogamizfoto.com\/wp-content\/uploads\/2023\/11\/Circo_del_Sol-19_46-500x260.jpg 500w\" sizes=\"(max-width: 2000px) 100vw, 2000px\" \/><div class=\"caption-wrap\"><div class=\"caption\">Granada Nerja | Fotografo Arquitectura | Fotografo Hoteles | Fotografo Interiorismo | Fotografo Inmobiliaria | Fotografo Decoracion | Fotografo Viajes <\/div><\/div><\/li>\n            <li style='display: none;' aria-roledescription='slide' aria-labelledby='slide-9'><img loading=\"lazy\" decoding=\"async\" width=\"2000\" height=\"1039\" src=\"https:\/\/gonzalogamizfoto.com\/wp-content\/uploads\/2018\/01\/Opt_01.jpg\" class=\"slider-7726 slide-7761 msDefaultImage\" alt=\"Fotografo Profesional M\u00e1laga, Fotografo M\u00e1laga, Fotografo Granada, Fotografo, Fotografo, Marbella, Fotografo Torremolinos, Fotografo Benalm\u00e1dena, Fotografo Fuengirola, Fotografo Frigiliana, Fotografo Torre del Mar, Fotografo Rinc\u00f3n de la Victoria, Fotografo Torrox, Fotografo Paisajes, Fotografo Profesional Hoteles, Fotografo Profesional Inmobiliaria, Fotografo Interiorismo, Fotografo Arquitectura, Fotografo Decoraci\u00f3n, Fotografia Decorativa, Fotografo Turismo, Fotografo Viajes\" rel=\"\" title=\"\" \/><div class=\"caption-wrap\"><div class=\"caption\">Fot\u00f3grafo Profesional M\u00e1laga Marbella Granada Nerja | Fotografo Arquitectura | Fotografo Hoteles | Fotografo Interiorismo | Fotografo Inmobiliaria | Fotografo Decoracion | Fotografo Viajes <\/div><\/div><\/li>\n            <li style='display: none;' aria-roledescription='slide' aria-labelledby='slide-10'><img loading=\"lazy\" decoding=\"async\" width=\"2000\" height=\"1040\" src=\"https:\/\/gonzalogamizfoto.com\/wp-content\/uploads\/2023\/11\/DSC0007_Arronches-18_BN.jpg\" class=\"slider-7726 slide-8715 msDefaultImage\" alt=\"\" rel=\"\" title=\"\" srcset=\"https:\/\/gonzalogamizfoto.com\/wp-content\/uploads\/2023\/11\/DSC0007_Arronches-18_BN.jpg 2000w, https:\/\/gonzalogamizfoto.com\/wp-content\/uploads\/2023\/11\/DSC0007_Arronches-18_BN-300x156.jpg 300w, https:\/\/gonzalogamizfoto.com\/wp-content\/uploads\/2023\/11\/DSC0007_Arronches-18_BN-1024x532.jpg 1024w, https:\/\/gonzalogamizfoto.com\/wp-content\/uploads\/2023\/11\/DSC0007_Arronches-18_BN-768x399.jpg 768w, https:\/\/gonzalogamizfoto.com\/wp-content\/uploads\/2023\/11\/DSC0007_Arronches-18_BN-1536x799.jpg 1536w, https:\/\/gonzalogamizfoto.com\/wp-content\/uploads\/2023\/11\/DSC0007_Arronches-18_BN-500x260.jpg 500w\" sizes=\"(max-width: 2000px) 100vw, 2000px\" \/><div class=\"caption-wrap\"><div class=\"caption\">Fot\u00f3grafo Profesional en M\u00e1laga Granada Marbella Nerja. Fotograf\u00eda Art\u00edstica. Fotograf\u00eda de Arquitectura. Fotograf\u00eda de Interiorismo. Fotograf\u00eda Inmobiliaria<\/div><\/div><\/li>\n            <li style='display: none;' aria-roledescription='slide' aria-labelledby='slide-11'><img loading=\"lazy\" decoding=\"async\" width=\"2000\" height=\"1039\" src=\"https:\/\/gonzalogamizfoto.com\/wp-content\/uploads\/2021\/06\/DSC0568-Cruce-Nodeirinho_1_pic.jpg\" class=\"slider-7726 slide-7728 msDefaultImage\" alt=\"\" rel=\"\" title=\"Nodeirinho. Incendio Pedrodrao. Portugal.\" \/><div class=\"caption-wrap\"><div class=\"caption\">Fot\u00f3grafo Profesional M\u00e1laga Granada Nerja | Fotografo Arquitectura | Fotografo Hoteles | Fotografo Interiorismo | Fotografo Inmobiliaria | Fotografo Decoracion | Fotografo Viajes <\/div><\/div><\/li>\n            <li style='display: none;' aria-roledescription='slide' aria-labelledby='slide-12'><img loading=\"lazy\" decoding=\"async\" width=\"2000\" height=\"1039\" src=\"https:\/\/gonzalogamizfoto.com\/wp-content\/uploads\/2018\/01\/Opt_25.jpg\" class=\"slider-7726 slide-7736 msDefaultImage\" alt=\"Fotografo Profesional M\u00e1laga, Fotografo M\u00e1laga, Fotografo Granada, Fotografo, Fotografo, Marbella, Fotografo Torremolinos, Fotografo Benalm\u00e1dena, Fotografo Fuengirola, Fotografo Frigiliana, Fotografo Torre del Mar, Fotografo Rinc\u00f3n de la Victoria, Fotografo Torrox, Fotografo Paisajes, Fotografo Profesional Hoteles, Fotografo Profesional Inmobiliaria, Fotografo Interiorismo, Fotografo Arquitectura, Fotografo Decoraci\u00f3n, Fotografia Decorativa, Fotografo Turismo, Fotografo Viajes\" rel=\"\" title=\"\" \/><div class=\"caption-wrap\"><div class=\"caption\">Fot\u00f3grafo Profesional M\u00e1laga Marbella Granada Nerja | Fotografo Arquitectura | Fotografo Hoteles | Fotografo Interiorismo | Fotografo Inmobiliaria | Fotografo Decoracion | Fotografo Viajes<\/div><\/div><\/li>\n            <li style='display: none;' aria-roledescription='slide' aria-labelledby='slide-13'><img loading=\"lazy\" decoding=\"async\" width=\"2000\" height=\"1012\" src=\"https:\/\/gonzalogamizfoto.com\/wp-content\/uploads\/2023\/10\/5-6-Pompidou-Dipt.jpg\" class=\"slider-7726 slide-8558 msDefaultImage\" alt=\"\" rel=\"\" title=\"\" srcset=\"https:\/\/gonzalogamizfoto.com\/wp-content\/uploads\/2023\/10\/5-6-Pompidou-Dipt.jpg 2000w, https:\/\/gonzalogamizfoto.com\/wp-content\/uploads\/2023\/10\/5-6-Pompidou-Dipt-300x152.jpg 300w, https:\/\/gonzalogamizfoto.com\/wp-content\/uploads\/2023\/10\/5-6-Pompidou-Dipt-1024x518.jpg 1024w, https:\/\/gonzalogamizfoto.com\/wp-content\/uploads\/2023\/10\/5-6-Pompidou-Dipt-768x389.jpg 768w, https:\/\/gonzalogamizfoto.com\/wp-content\/uploads\/2023\/10\/5-6-Pompidou-Dipt-1536x777.jpg 1536w, https:\/\/gonzalogamizfoto.com\/wp-content\/uploads\/2023\/10\/5-6-Pompidou-Dipt-500x253.jpg 500w\" sizes=\"(max-width: 2000px) 100vw, 2000px\" \/><div class=\"caption-wrap\"><div class=\"caption\">Fot\u00f3grafo Profesional M\u00e1laga Marbella Granada Nerja | Fotografo Arquitectura | Fotografo Hoteles | Fotografo Interiorismo | Fotografo Inmobiliaria | Fotografo Decoracion | Fotografo Viajes <\/div><\/div><\/li>\n            <li style='display: none;' aria-roledescription='slide' aria-labelledby='slide-14'><img loading=\"lazy\" decoding=\"async\" width=\"2000\" height=\"1039\" src=\"https:\/\/gonzalogamizfoto.com\/wp-content\/uploads\/2018\/01\/Opt_21.jpg\" class=\"slider-7726 slide-7748 msDefaultImage\" alt=\"Fotografo Profesional M\u00e1laga, Fotografo M\u00e1laga, Fotografo Granada, Fotografo, Fotografo, Marbella, Fotografo Torremolinos, Fotografo Benalm\u00e1dena, Fotografo Fuengirola, Fotografo Frigiliana, Fotografo Torre del Mar, Fotografo Rinc\u00f3n de la Victoria, Fotografo Torrox, Fotografo Paisajes, Fotografo Profesional Hoteles, Fotografo Profesional Inmobiliaria, Fotografo Interiorismo, Fotografo Arquitectura, Fotografo Decoraci\u00f3n, Fotografia Decorativa, Fotografo Turismo, Fotografo Viajes\" rel=\"\" title=\"\" \/><div class=\"caption-wrap\"><div class=\"caption\">Fot\u00f3grafo Profesional M\u00e1laga Marbella Granada Nerja | Fotografo Arquitectura | Fotografo Hoteles | Fotografo Interiorismo | Fotografo Inmobiliaria | Fotografo Decoracion | Fotografo Viajes<\/div><\/div><\/li>\n            <li style='display: none;' aria-roledescription='slide' aria-labelledby='slide-15'><img loading=\"lazy\" decoding=\"async\" width=\"2000\" height=\"1039\" src=\"https:\/\/gonzalogamizfoto.com\/wp-content\/uploads\/2020\/12\/Opt_26.jpg\" class=\"slider-7726 slide-7735 msDefaultImage\" alt=\"\" rel=\"\" title=\"\" \/><div class=\"caption-wrap\"><div class=\"caption\">Fot\u00f3grafo Profesional M\u00e1laga Marbella Granada Nerja | Fotografo Arquitectura | Fotografo Hoteles | Fotografo Interiorismo | Fotografo Inmobiliaria | Fotografo Decoracion | Fotografo Viajes<\/div><\/div><\/li>\n            <li style='display: none;' aria-roledescription='slide' aria-labelledby='slide-16'><img loading=\"lazy\" decoding=\"async\" width=\"2000\" height=\"1039\" src=\"https:\/\/gonzalogamizfoto.com\/wp-content\/uploads\/2018\/01\/Opt_10.jpg\" class=\"slider-7726 slide-7760 msDefaultImage\" alt=\"Fotografo Profesional M\u00e1laga, Fotografo M\u00e1laga, Fotografo Granada, Fotografo, Fotografo, Marbella, Fotografo Torremolinos, Fotografo Benalm\u00e1dena, Fotografo Fuengirola, Fotografo Frigiliana, Fotografo Torre del Mar, Fotografo Rinc\u00f3n de la Victoria, Fotografo Torrox, Fotografo Paisajes, Fotografo Profesional Hoteles, Fotografo Profesional Inmobiliaria, Fotografo Interiorismo, Fotografo Arquitectura, Fotografo Decoraci\u00f3n, Fotografia Decorativa, Fotografo Turismo, Fotografo Viajes\" rel=\"\" title=\"\" \/><div class=\"caption-wrap\"><div class=\"caption\">Fot\u00f3grafo Profesional M\u00e1laga Marbella Granada Nerja | Fotografo Arquitectura | Fotografo Hoteles | Fotografo Interiorismo | Fotografo Inmobiliaria | Fotografo Decoracion | Fotografo Viajes<\/div><\/div><\/li>\n            <li style='display: none;' aria-roledescription='slide' aria-labelledby='slide-17'><img loading=\"lazy\" decoding=\"async\" width=\"2000\" height=\"1039\" src=\"https:\/\/gonzalogamizfoto.com\/wp-content\/uploads\/2021\/06\/FundacionCajaGranada-18_16-20-Pano.jpg\" class=\"slider-7726 slide-7727 msDefaultImage\" alt=\"\" rel=\"\" title=\"\" \/><div class=\"caption-wrap\"><div class=\"caption\">Fot\u00f3grafo Profesional M\u00e1laga Marbella Granada Nerja | Fotografo Arquitectura | Fotografo Hoteles | Fotografo Interiorismo | Fotografo Inmobiliaria | Fotografo Decoracion | Fotografo Viajes<\/div><\/div><\/li>\n            <li style='display: none;' aria-roledescription='slide' aria-labelledby='slide-18'><img loading=\"lazy\" decoding=\"async\" width=\"2000\" height=\"1039\" src=\"https:\/\/gonzalogamizfoto.com\/wp-content\/uploads\/2018\/01\/Opt_13.jpg\" class=\"slider-7726 slide-7751 msDefaultImage\" alt=\"Fotografo Profesional M\u00e1laga, Fotografo M\u00e1laga, Fotografo Granada, Fotografo, Fotografo, Marbella, Fotografo Torremolinos, Fotografo Benalm\u00e1dena, Fotografo Fuengirola, Fotografo Frigiliana, Fotografo Torre del Mar, Fotografo Rinc\u00f3n de la Victoria, Fotografo Torrox, Fotografo Paisajes, Fotografo Profesional Hoteles, Fotografo Profesional Inmobiliaria, Fotografo Interiorismo, Fotografo Arquitectura, Fotografo Decoraci\u00f3n, Fotografia Decorativa, Fotografo Turismo, Fotografo Viajes\" rel=\"\" title=\"\" \/><div class=\"caption-wrap\"><div class=\"caption\">Fot\u00f3grafo Profesional M\u00e1laga Marbella Granada Nerja | Fotografo Arquitectura | Fotografo Hoteles | Fotografo Interiorismo | Fotografo Inmobiliaria | Fotografo Decoracion | Fotografo Viajes<\/div><\/div><\/li>\n            <li style='display: none;' aria-roledescription='slide' aria-labelledby='slide-19'><img loading=\"lazy\" decoding=\"async\" width=\"2000\" height=\"1039\" src=\"https:\/\/gonzalogamizfoto.com\/wp-content\/uploads\/2018\/01\/Opt_28.jpg\" class=\"slider-7726 slide-7738 msDefaultImage\" alt=\"Fotografo Profesional M\u00e1laga, Fotografo M\u00e1laga, Fotografo Granada, Fotografo, Fotografo, Marbella, Fotografo Torremolinos, Fotografo Benalm\u00e1dena, Fotografo Fuengirola, Fotografo Frigiliana, Fotografo Torre del Mar, Fotografo Rinc\u00f3n de la Victoria, Fotografo Torrox, Fotografo Paisajes, Fotografo Profesional Hoteles, Fotografo Profesional Inmobiliaria, Fotografo Interiorismo, Fotografo Arquitectura, Fotografo Decoraci\u00f3n, Fotografia Decorativa, Fotografo Turismo, Fotografo Viajes\" rel=\"\" title=\"\" \/><div class=\"caption-wrap\"><div class=\"caption\">Fot\u00f3grafo Profesional M\u00e1laga Marbella Granada Nerja | Fotografo Arquitectura | Fotografo Hoteles | Fotografo Interiorismo | Fotografo Inmobiliaria | Fotografo Decoracion | Fotografo Viajes<\/div><\/div><\/li>\n            <li style='display: none;' aria-roledescription='slide' aria-labelledby='slide-20'><img loading=\"lazy\" decoding=\"async\" width=\"2000\" height=\"1040\" src=\"https:\/\/gonzalogamizfoto.com\/wp-content\/uploads\/2018\/01\/Opt_29.jpg\" class=\"slider-7726 slide-7739 msDefaultImage\" alt=\"Fotografo Profesional M\u00e1laga, Fotografo M\u00e1laga, Fotografo Granada, Fotografo, Fotografo, Marbella, Fotografo Torremolinos, Fotografo Benalm\u00e1dena, Fotografo Fuengirola, Fotografo Frigiliana, Fotografo Torre del Mar, Fotografo Rinc\u00f3n de la Victoria, Fotografo Torrox, Fotografo Paisajes, Fotografo Profesional Hoteles, Fotografo Profesional Inmobiliaria, Fotografo Interiorismo, Fotografo Arquitectura, Fotografo Decoraci\u00f3n, Fotografia Decorativa, Fotografo Turismo, Fotografo Viajes\" rel=\"\" title=\"\" \/><div class=\"caption-wrap\"><div class=\"caption\">Fot\u00f3grafo Profesional M\u00e1laga Marbella Granada Nerja | Fotografo Arquitectura | Fotografo Hoteles | Fotografo Interiorismo | Fotografo Inmobiliaria | Fotografo Decoracion | Fotografo Viajes<\/div><\/div><\/li>\n            <li style='display: none;' aria-roledescription='slide' aria-labelledby='slide-21'><img loading=\"lazy\" decoding=\"async\" width=\"2000\" height=\"1039\" src=\"https:\/\/gonzalogamizfoto.com\/wp-content\/uploads\/2020\/12\/Opt_19.jpg\" class=\"slider-7726 slide-7734 msDefaultImage\" alt=\"\" rel=\"\" title=\"\" \/><div class=\"caption-wrap\"><div class=\"caption\">Fot\u00f3grafo Profesional M\u00e1laga Marbella Granada Nerja | Fotografo Arquitectura | Fotografo Hoteles | Fotografo Interiorismo | Fotografo Inmobiliaria | Fotografo Decoracion | Fotografo Viajes<\/div><\/div><\/li>\n            <li style='display: none;' aria-roledescription='slide' aria-labelledby='slide-22'><img loading=\"lazy\" decoding=\"async\" width=\"2000\" height=\"1039\" src=\"https:\/\/gonzalogamizfoto.com\/wp-content\/uploads\/2020\/12\/Opt_23.jpg\" class=\"slider-7726 slide-7733 msDefaultImage\" alt=\"\" rel=\"\" title=\"\" \/><div class=\"caption-wrap\"><div class=\"caption\">Fot\u00f3grafo Profesional M\u00e1laga Marbella Granada Nerja | Fotografo Arquitectura | Fotografo Hoteles | Fotografo Interiorismo | Fotografo Inmobiliaria | Fotografo Decoracion | Fotografo Viajes<\/div><\/div><\/li>\n            <li style='display: none;' aria-roledescription='slide' aria-labelledby='slide-23'><img loading=\"lazy\" decoding=\"async\" width=\"2000\" height=\"1040\" src=\"https:\/\/gonzalogamizfoto.com\/wp-content\/uploads\/2023\/11\/BROMO-05_30-Niebla.jpg\" class=\"slider-7726 slide-8584 msDefaultImage\" alt=\"\" rel=\"\" title=\"\" srcset=\"https:\/\/gonzalogamizfoto.com\/wp-content\/uploads\/2023\/11\/BROMO-05_30-Niebla.jpg 2000w, https:\/\/gonzalogamizfoto.com\/wp-content\/uploads\/2023\/11\/BROMO-05_30-Niebla-300x156.jpg 300w, https:\/\/gonzalogamizfoto.com\/wp-content\/uploads\/2023\/11\/BROMO-05_30-Niebla-1024x532.jpg 1024w, https:\/\/gonzalogamizfoto.com\/wp-content\/uploads\/2023\/11\/BROMO-05_30-Niebla-768x399.jpg 768w, https:\/\/gonzalogamizfoto.com\/wp-content\/uploads\/2023\/11\/BROMO-05_30-Niebla-1536x799.jpg 1536w, https:\/\/gonzalogamizfoto.com\/wp-content\/uploads\/2023\/11\/BROMO-05_30-Niebla-500x260.jpg 500w\" sizes=\"(max-width: 2000px) 100vw, 2000px\" \/><div class=\"caption-wrap\"><div class=\"caption\">Fot\u00f3grafo Profesional M\u00e1laga Marbella Granada Nerja | Fotografo Arquitectura | Fotografo Hoteles | Fotografo Interiorismo | Fotografo Inmobiliaria | Fotografo Decoracion | Fotografo Viajes <\/div><\/div><\/li>\n            <li style='display: none;' aria-roledescription='slide' aria-labelledby='slide-24'><img loading=\"lazy\" decoding=\"async\" width=\"2000\" height=\"1039\" src=\"https:\/\/gonzalogamizfoto.com\/wp-content\/uploads\/2018\/01\/Opt_24.jpg\" class=\"slider-7726 slide-7742 msDefaultImage\" alt=\"Fotografo Profesional M\u00e1laga, Fotografo M\u00e1laga, Fotografo Granada, Fotografo, Fotografo, Marbella, Fotografo Torremolinos, Fotografo Benalm\u00e1dena, Fotografo Fuengirola, Fotografo Frigiliana, Fotografo Torre del Mar, Fotografo Rinc\u00f3n de la Victoria, Fotografo Torrox, Fotografo Paisajes, Fotografo Profesional Hoteles, Fotografo Profesional Inmobiliaria, Fotografo Interiorismo, Fotografo Arquitectura, Fotografo Decoraci\u00f3n, Fotografia Decorativa, Fotografo Turismo, Fotografo Viajes\" rel=\"\" title=\"\" \/><div class=\"caption-wrap\"><div class=\"caption\">Fot\u00f3grafo Profesional M\u00e1laga Marbella Granada Nerja | Fotografo Arquitectura | Fotografo Hoteles | Fotografo Interiorismo | Fotografo Inmobiliaria | Fotografo Decoracion | Fotografo Viajes<\/div><\/div><\/li>\n            <li style='display: none;' aria-roledescription='slide' aria-labelledby='slide-25'><img loading=\"lazy\" decoding=\"async\" width=\"2000\" height=\"1039\" src=\"https:\/\/gonzalogamizfoto.com\/wp-content\/uploads\/2024\/01\/LOMBOK-06_151-Marina.jpg\" class=\"slider-7726 slide-8929 msDefaultImage\" alt=\"\" rel=\"\" title=\"\" srcset=\"https:\/\/gonzalogamizfoto.com\/wp-content\/uploads\/2024\/01\/LOMBOK-06_151-Marina.jpg 2000w, https:\/\/gonzalogamizfoto.com\/wp-content\/uploads\/2024\/01\/LOMBOK-06_151-Marina-300x156.jpg 300w, https:\/\/gonzalogamizfoto.com\/wp-content\/uploads\/2024\/01\/LOMBOK-06_151-Marina-1024x532.jpg 1024w, https:\/\/gonzalogamizfoto.com\/wp-content\/uploads\/2024\/01\/LOMBOK-06_151-Marina-768x399.jpg 768w, https:\/\/gonzalogamizfoto.com\/wp-content\/uploads\/2024\/01\/LOMBOK-06_151-Marina-1536x798.jpg 1536w, https:\/\/gonzalogamizfoto.com\/wp-content\/uploads\/2024\/01\/LOMBOK-06_151-Marina-18x9.jpg 18w, https:\/\/gonzalogamizfoto.com\/wp-content\/uploads\/2024\/01\/LOMBOK-06_151-Marina-500x260.jpg 500w\" sizes=\"(max-width: 2000px) 100vw, 2000px\" \/><div class=\"caption-wrap\"><div class=\"caption\">Fot\u00f3grafo Profesional en M\u00e1laga Granada Marbella Nerja. Fotograf\u00eda Art\u00edstica. Fotograf\u00eda de Arquitectura. Fotograf\u00eda de Interiorismo. Fotograf\u00eda Inmobiliaria<\/div><\/div><\/li>\n            <li style='display: none;' aria-roledescription='slide' aria-labelledby='slide-26'><img loading=\"lazy\" decoding=\"async\" width=\"2000\" height=\"1039\" src=\"https:\/\/gonzalogamizfoto.com\/wp-content\/uploads\/2018\/01\/Opt_17.jpg\" class=\"slider-7726 slide-7755 msDefaultImage\" alt=\"Fotografo Profesional M\u00e1laga, Fotografo M\u00e1laga, Fotografo Granada, Fotografo, Fotografo, Marbella, Fotografo Torremolinos, Fotografo Benalm\u00e1dena, Fotografo Fuengirola, Fotografo Frigiliana, Fotografo Torre del Mar, Fotografo Rinc\u00f3n de la Victoria, Fotografo Torrox, Fotografo Paisajes, Fotografo Profesional Hoteles, Fotografo Profesional Inmobiliaria, Fotografo Interiorismo, Fotografo Arquitectura, Fotografo Decoraci\u00f3n, Fotografia Decorativa, Fotografo Turismo, Fotografo Viajes\" rel=\"\" title=\"\" \/><div class=\"caption-wrap\"><div class=\"caption\">Fot\u00f3grafo Profesional M\u00e1laga Marbella Granada Nerja | Fotografo Arquitectura | Fotografo Hoteles | Fotografo Interiorismo | Fotografo Inmobiliaria | Fotografo Decoracion | Fotografo Viajes<\/div><\/div><\/li>\n            <li style='display: none;' aria-roledescription='slide' aria-labelledby='slide-27'><img loading=\"lazy\" decoding=\"async\" width=\"2000\" height=\"1039\" src=\"https:\/\/gonzalogamizfoto.com\/wp-content\/uploads\/2018\/01\/Opt_02.jpg\" class=\"slider-7726 slide-7762 msDefaultImage\" alt=\"Fotografo Profesional M\u00e1laga, Fotografo M\u00e1laga, Fotografo Granada, Fotografo, Fotografo, Marbella, Fotografo Torremolinos, Fotografo Benalm\u00e1dena, Fotografo Fuengirola, Fotografo Frigiliana, Fotografo Torre del Mar, Fotografo Rinc\u00f3n de la Victoria, Fotografo Torrox, Fotografo Paisajes, Fotografo Profesional Hoteles, Fotografo Profesional Inmobiliaria, Fotografo Interiorismo, Fotografo Arquitectura, Fotografo Decoraci\u00f3n, Fotografia Decorativa, Fotografo Turismo, Fotografo Viajes\" rel=\"\" title=\"\" \/><div class=\"caption-wrap\"><div class=\"caption\">Fot\u00f3grafo Profesional M\u00e1laga Marbella Granada Nerja | Fotografo Arquitectura | Fotografo Hoteles | Fotografo Interiorismo | Fotografo Inmobiliaria | Fotografo Decoracion | Fotografo Viajes <\/div><\/div><\/li>\n            <li style='display: none;' aria-roledescription='slide' aria-labelledby='slide-28'><img loading=\"lazy\" decoding=\"async\" width=\"2000\" height=\"1039\" src=\"https:\/\/gonzalogamizfoto.com\/wp-content\/uploads\/2023\/11\/DSC2952-NEF_DxO_PRIME-HDR.jpg\" class=\"slider-7726 slide-8570 msDefaultImage\" alt=\"\" rel=\"\" title=\"\" srcset=\"https:\/\/gonzalogamizfoto.com\/wp-content\/uploads\/2023\/11\/DSC2952-NEF_DxO_PRIME-HDR.jpg 2000w, https:\/\/gonzalogamizfoto.com\/wp-content\/uploads\/2023\/11\/DSC2952-NEF_DxO_PRIME-HDR-300x156.jpg 300w, https:\/\/gonzalogamizfoto.com\/wp-content\/uploads\/2023\/11\/DSC2952-NEF_DxO_PRIME-HDR-1024x532.jpg 1024w, https:\/\/gonzalogamizfoto.com\/wp-content\/uploads\/2023\/11\/DSC2952-NEF_DxO_PRIME-HDR-768x399.jpg 768w, https:\/\/gonzalogamizfoto.com\/wp-content\/uploads\/2023\/11\/DSC2952-NEF_DxO_PRIME-HDR-1536x798.jpg 1536w, https:\/\/gonzalogamizfoto.com\/wp-content\/uploads\/2023\/11\/DSC2952-NEF_DxO_PRIME-HDR-500x260.jpg 500w\" sizes=\"(max-width: 2000px) 100vw, 2000px\" \/><div class=\"caption-wrap\"><div class=\"caption\">Fot\u00f3grafo Profesional M\u00e1laga Marbella Granada Nerja | Fotografo Arquitectura | Fotografo Hoteles | Fotografo Interiorismo | Fotografo Inmobiliaria | Fotografo Decoracion | Fotografo Viajes <\/div><\/div><\/li>\n            <li style='display: none;' aria-roledescription='slide' aria-labelledby='slide-29'><img loading=\"lazy\" decoding=\"async\" width=\"2000\" height=\"1039\" src=\"https:\/\/gonzalogamizfoto.com\/wp-content\/uploads\/2018\/01\/Opt_30.jpg\" class=\"slider-7726 slide-7740 msDefaultImage\" alt=\"Fotografo Profesional M\u00e1laga, Fotografo M\u00e1laga, Fotografo Granada, Fotografo, Fotografo, Marbella, Fotografo Torremolinos, Fotografo Benalm\u00e1dena, Fotografo Fuengirola, Fotografo Frigiliana, Fotografo Torre del Mar, Fotografo Rinc\u00f3n de la Victoria, Fotografo Torrox, Fotografo Paisajes, Fotografo Profesional Hoteles, Fotografo Profesional Inmobiliaria, Fotografo Interiorismo, Fotografo Arquitectura, Fotografo Decoraci\u00f3n, Fotografia Decorativa, Fotografo Turismo, Fotografo Viajes\" rel=\"\" title=\"\" \/><div class=\"caption-wrap\"><div class=\"caption\">Fot\u00f3grafo Profesional M\u00e1laga Marbella Granada Nerja | Fotografo Arquitectura | Fotografo Hoteles | Fotografo Interiorismo | Fotografo Inmobiliaria | Fotografo Decoracion | Fotografo Viajes <\/div><\/div><\/li>\n            <li style='display: none;' aria-roledescription='slide' aria-labelledby='slide-30'><img loading=\"lazy\" decoding=\"async\" width=\"2000\" height=\"1039\" src=\"https:\/\/gonzalogamizfoto.com\/wp-content\/uploads\/2023\/11\/DSC2499-Muelle-2.jpg\" class=\"slider-7726 slide-8574 msDefaultImage\" alt=\"\" rel=\"\" title=\"\" srcset=\"https:\/\/gonzalogamizfoto.com\/wp-content\/uploads\/2023\/11\/DSC2499-Muelle-2.jpg 2000w, https:\/\/gonzalogamizfoto.com\/wp-content\/uploads\/2023\/11\/DSC2499-Muelle-2-300x156.jpg 300w, https:\/\/gonzalogamizfoto.com\/wp-content\/uploads\/2023\/11\/DSC2499-Muelle-2-1024x532.jpg 1024w, https:\/\/gonzalogamizfoto.com\/wp-content\/uploads\/2023\/11\/DSC2499-Muelle-2-768x399.jpg 768w, https:\/\/gonzalogamizfoto.com\/wp-content\/uploads\/2023\/11\/DSC2499-Muelle-2-1536x798.jpg 1536w, https:\/\/gonzalogamizfoto.com\/wp-content\/uploads\/2023\/11\/DSC2499-Muelle-2-500x260.jpg 500w\" sizes=\"(max-width: 2000px) 100vw, 2000px\" \/><div class=\"caption-wrap\"><div class=\"caption\">Fot\u00f3grafo Profesional M\u00e1laga Marbella Granada Nerja | Fotografo Arquitectura | Fotografo Hoteles | Fotografo Interiorismo | Fotografo Inmobiliaria | Fotografo Decoracion | Fotografo Viajes <\/div><\/div><\/li>\n            <li style='display: none;' aria-roledescription='slide' aria-labelledby='slide-31'><img loading=\"lazy\" decoding=\"async\" width=\"2000\" height=\"1039\" src=\"https:\/\/gonzalogamizfoto.com\/wp-content\/uploads\/2018\/01\/Opt_04.jpg\" class=\"slider-7726 slide-7764 msDefaultImage\" alt=\"Fotografo Profesional M\u00e1laga, Fotografo M\u00e1laga, Fotografo Granada, Fotografo, Fotografo, Marbella, Fotografo Torremolinos, Fotografo Benalm\u00e1dena, Fotografo Fuengirola, Fotografo Frigiliana, Fotografo Torre del Mar, Fotografo Rinc\u00f3n de la Victoria, Fotografo Torrox, Fotografo Paisajes, Fotografo Profesional Hoteles, Fotografo Profesional Inmobiliaria, Fotografo Interiorismo, Fotografo Arquitectura, Fotografo Decoraci\u00f3n, Fotografia Decorativa, Fotografo Turismo, Fotografo Viajes\" rel=\"\" title=\"\" \/><div class=\"caption-wrap\"><div class=\"caption\">Fot\u00f3grafo Profesional M\u00e1laga Marbella Granada Nerja | Fotografo Arquitectura | Fotografo Hoteles | Fotografo Interiorismo | Fotografo Inmobiliaria | Fotografo Decoracion | Fotografo Viajes<\/div><\/div><\/li>\n            <li style='display: none;' aria-roledescription='slide' aria-labelledby='slide-32'><img loading=\"lazy\" decoding=\"async\" width=\"2000\" height=\"1039\" src=\"https:\/\/gonzalogamizfoto.com\/wp-content\/uploads\/2020\/12\/DSC3097-lluvia-Malagueta_1.jpg\" class=\"slider-7726 slide-7730 msDefaultImage\" alt=\"\" rel=\"\" title=\"\" \/><div class=\"caption-wrap\"><div class=\"caption\">Fot\u00f3grafo Profesional M\u00e1laga Marbella Granada Nerja | Fotografo Arquitectura | Fotografo Hoteles | Fotografo Interiorismo | Fotografo Inmobiliaria | Fotografo Decoracion | Fotografo Viajes<\/div><\/div><\/li>\n            <li style='display: none;' aria-roledescription='slide' aria-labelledby='slide-33'><img loading=\"lazy\" decoding=\"async\" width=\"2000\" height=\"1039\" src=\"https:\/\/gonzalogamizfoto.com\/wp-content\/uploads\/2023\/10\/DSC1640-HDR.jpg\" class=\"slider-7726 slide-8560 msDefaultImage\" alt=\"\" rel=\"\" title=\"\" srcset=\"https:\/\/gonzalogamizfoto.com\/wp-content\/uploads\/2023\/10\/DSC1640-HDR.jpg 2000w, https:\/\/gonzalogamizfoto.com\/wp-content\/uploads\/2023\/10\/DSC1640-HDR-300x156.jpg 300w, https:\/\/gonzalogamizfoto.com\/wp-content\/uploads\/2023\/10\/DSC1640-HDR-1024x532.jpg 1024w, https:\/\/gonzalogamizfoto.com\/wp-content\/uploads\/2023\/10\/DSC1640-HDR-768x399.jpg 768w, https:\/\/gonzalogamizfoto.com\/wp-content\/uploads\/2023\/10\/DSC1640-HDR-1536x798.jpg 1536w, https:\/\/gonzalogamizfoto.com\/wp-content\/uploads\/2023\/10\/DSC1640-HDR-500x260.jpg 500w\" sizes=\"(max-width: 2000px) 100vw, 2000px\" \/><div class=\"caption-wrap\"><div class=\"caption\">Fot\u00f3grafo Profesional M\u00e1laga Marbella Granada Nerja | Fotografo Arquitectura | Fotografo Hoteles | Fotografo Interiorismo | Fotografo Inmobiliaria | Fotografo Decoracion | Fotografo Viajes <\/div><\/div><\/li>\n            <li style='display: none;' aria-roledescription='slide' aria-labelledby='slide-34'><img loading=\"lazy\" decoding=\"async\" width=\"2000\" height=\"1039\" src=\"https:\/\/gonzalogamizfoto.com\/wp-content\/uploads\/2018\/01\/Opt_03.jpg\" class=\"slider-7726 slide-7763 msDefaultImage\" alt=\"Fotografo Profesional M\u00e1laga, Fotografo M\u00e1laga, Fotografo Granada, Fotografo, Fotografo, Marbella, Fotografo Torremolinos, Fotografo Benalm\u00e1dena, Fotografo Fuengirola, Fotografo Frigiliana, Fotografo Torre del Mar, Fotografo Rinc\u00f3n de la Victoria, Fotografo Torrox, Fotografo Paisajes, Fotografo Profesional Hoteles, Fotografo Profesional Inmobiliaria, Fotografo Interiorismo, Fotografo Arquitectura, Fotografo Decoraci\u00f3n, Fotografia Decorativa, Fotografo Turismo, Fotografo Viajes\" rel=\"\" title=\"\" \/><div class=\"caption-wrap\"><div class=\"caption\">Fot\u00f3grafo Profesional M\u00e1laga Marbella Granada Nerja | Fotografo Arquitectura | Fotografo Hoteles | Fotografo Interiorismo | Fotografo Inmobiliaria | Fotografo Decoracion | Fotografo Viajes <\/div><\/div><\/li>\n            <li style='display: none;' aria-roledescription='slide' aria-labelledby='slide-35'><img loading=\"lazy\" decoding=\"async\" width=\"2000\" height=\"1040\" src=\"https:\/\/gonzalogamizfoto.com\/wp-content\/uploads\/2023\/11\/DSC0045-Descarga-Muelle-7.jpg\" class=\"slider-7726 slide-8582 msDefaultImage\" alt=\"\" rel=\"\" title=\"\" srcset=\"https:\/\/gonzalogamizfoto.com\/wp-content\/uploads\/2023\/11\/DSC0045-Descarga-Muelle-7.jpg 2000w, https:\/\/gonzalogamizfoto.com\/wp-content\/uploads\/2023\/11\/DSC0045-Descarga-Muelle-7-300x156.jpg 300w, https:\/\/gonzalogamizfoto.com\/wp-content\/uploads\/2023\/11\/DSC0045-Descarga-Muelle-7-1024x532.jpg 1024w, https:\/\/gonzalogamizfoto.com\/wp-content\/uploads\/2023\/11\/DSC0045-Descarga-Muelle-7-768x399.jpg 768w, https:\/\/gonzalogamizfoto.com\/wp-content\/uploads\/2023\/11\/DSC0045-Descarga-Muelle-7-1536x799.jpg 1536w, https:\/\/gonzalogamizfoto.com\/wp-content\/uploads\/2023\/11\/DSC0045-Descarga-Muelle-7-500x260.jpg 500w\" sizes=\"(max-width: 2000px) 100vw, 2000px\" \/><div class=\"caption-wrap\"><div class=\"caption\">Fot\u00f3grafo Profesional M\u00e1laga Marbella Granada Nerja | Fotografo Arquitectura | Fotografo Hoteles | Fotografo Interiorismo | Fotografo Inmobiliaria | Fotografo Decoracion | Fotografo Viajes <\/div><\/div><\/li>\n            <li style='display: none;' aria-roledescription='slide' aria-labelledby='slide-36'><img loading=\"lazy\" decoding=\"async\" width=\"2000\" height=\"1039\" src=\"https:\/\/gonzalogamizfoto.com\/wp-content\/uploads\/2018\/01\/Opt_05.jpg\" class=\"slider-7726 slide-7765 msDefaultImage\" alt=\"Fotografo Profesional M\u00e1laga, Fotografo M\u00e1laga, Fotografo Granada, Fotografo, Fotografo, Marbella, Fotografo Torremolinos, Fotografo Benalm\u00e1dena, Fotografo Fuengirola, Fotografo Frigiliana, Fotografo Torre del Mar, Fotografo Rinc\u00f3n de la Victoria, Fotografo Torrox, Fotografo Paisajes, Fotografo Profesional Hoteles, Fotografo Profesional Inmobiliaria, Fotografo Interiorismo, Fotografo Arquitectura, Fotografo Decoraci\u00f3n, Fotografia Decorativa, Fotografo Turismo, Fotografo Viajes\" rel=\"\" title=\"&nbsp;\" \/><div class=\"caption-wrap\"><div class=\"caption\">Fot\u00f3grafo Profesional M\u00e1laga Marbella Granada Nerja | Fotografo Arquitectura | Fotografo Hoteles | Fotografo Interiorismo | Fotografo Inmobiliaria | Fotografo Decoracion | Fotografo Viajes<\/div><\/div><\/li>\n            <li style='display: none;' aria-roledescription='slide' aria-labelledby='slide-37'><img loading=\"lazy\" decoding=\"async\" width=\"2000\" height=\"1039\" src=\"https:\/\/gonzalogamizfoto.com\/wp-content\/uploads\/2024\/01\/Yakarta-05_13-SundaKelapa-1.jpg\" class=\"slider-7726 slide-8936 msDefaultImage\" alt=\"\" rel=\"\" title=\"\" srcset=\"https:\/\/gonzalogamizfoto.com\/wp-content\/uploads\/2024\/01\/Yakarta-05_13-SundaKelapa-1.jpg 2000w, https:\/\/gonzalogamizfoto.com\/wp-content\/uploads\/2024\/01\/Yakarta-05_13-SundaKelapa-1-300x156.jpg 300w, https:\/\/gonzalogamizfoto.com\/wp-content\/uploads\/2024\/01\/Yakarta-05_13-SundaKelapa-1-1024x532.jpg 1024w, https:\/\/gonzalogamizfoto.com\/wp-content\/uploads\/2024\/01\/Yakarta-05_13-SundaKelapa-1-768x399.jpg 768w, https:\/\/gonzalogamizfoto.com\/wp-content\/uploads\/2024\/01\/Yakarta-05_13-SundaKelapa-1-1536x798.jpg 1536w, https:\/\/gonzalogamizfoto.com\/wp-content\/uploads\/2024\/01\/Yakarta-05_13-SundaKelapa-1-18x9.jpg 18w, https:\/\/gonzalogamizfoto.com\/wp-content\/uploads\/2024\/01\/Yakarta-05_13-SundaKelapa-1-500x260.jpg 500w\" sizes=\"(max-width: 2000px) 100vw, 2000px\" \/><div class=\"caption-wrap\"><div class=\"caption\">Fot\u00f3grafo Profesional en M\u00e1laga Granada Marbella Nerja. Fotograf\u00eda Art\u00edstica. Fotograf\u00eda de Arquitectura. Fotograf\u00eda de Interiorismo. Fotograf\u00eda Inmobiliaria<\/div><\/div><\/li>\n            <li style='display: none;' aria-roledescription='slide' aria-labelledby='slide-38'><img loading=\"lazy\" decoding=\"async\" width=\"2000\" height=\"1039\" src=\"https:\/\/gonzalogamizfoto.com\/wp-content\/uploads\/2018\/01\/Opt_09.jpg\" class=\"slider-7726 slide-7759 msDefaultImage\" alt=\"Fotografo Profesional M\u00e1laga, Fotografo M\u00e1laga, Fotografo Granada, Fotografo, Fotografo, Marbella, Fotografo Torremolinos, Fotografo Benalm\u00e1dena, Fotografo Fuengirola, Fotografo Frigiliana, Fotografo Torre del Mar, Fotografo Rinc\u00f3n de la Victoria, Fotografo Torrox, Fotografo Paisajes, Fotografo Profesional Hoteles, Fotografo Profesional Inmobiliaria, Fotografo Interiorismo, Fotografo Arquitectura, Fotografo Decoraci\u00f3n, Fotografia Decorativa, Fotografo Turismo, Fotografo Viajes\" rel=\"\" title=\"\" \/><div class=\"caption-wrap\"><div class=\"caption\">Fot\u00f3grafo Profesional M\u00e1laga Marbella Granada Nerja | Fotografo Arquitectura | Fotografo Hoteles | Fotografo Interiorismo | Fotografo Inmobiliaria | Fotografo Decoracion | Fotografo Viajes<\/div><\/div><\/li>\n            <li style='display: none;' aria-roledescription='slide' aria-labelledby='slide-39'><img loading=\"lazy\" decoding=\"async\" width=\"2000\" height=\"1039\" src=\"https:\/\/gonzalogamizfoto.com\/wp-content\/uploads\/2018\/01\/Opt_18.jpg\" class=\"slider-7726 slide-7745 msDefaultImage\" alt=\"Fotografo Profesional M\u00e1laga, Fotografo M\u00e1laga, Fotografo Granada, Fotografo, Fotografo, Marbella, Fotografo Torremolinos, Fotografo Benalm\u00e1dena, Fotografo Fuengirola, Fotografo Frigiliana, Fotografo Torre del Mar, Fotografo Rinc\u00f3n de la Victoria, Fotografo Torrox, Fotografo Paisajes, Fotografo Profesional Hoteles, Fotografo Profesional Inmobiliaria, Fotografo Interiorismo, Fotografo Arquitectura, Fotografo Decoraci\u00f3n, Fotografia Decorativa, Fotografo Turismo, Fotografo Viajes\" rel=\"\" title=\"\" \/><div class=\"caption-wrap\"><div class=\"caption\">Fot\u00f3grafo Profesional M\u00e1laga Marbella Granada Nerja | Fotografo Arquitectura | Fotografo Hoteles | Fotografo Interiorismo | Fotografo Inmobiliaria | Fotografo Decoracion | Fotografo Viajes<\/div><\/div><\/li>\n            <li style='display: none;' aria-roledescription='slide' aria-labelledby='slide-40'><img loading=\"lazy\" decoding=\"async\" width=\"2000\" height=\"1039\" src=\"https:\/\/gonzalogamizfoto.com\/wp-content\/uploads\/2018\/01\/Opt_14.jpg\" class=\"slider-7726 slide-7752 msDefaultImage\" alt=\"Fotografo Profesional M\u00e1laga, Fotografo M\u00e1laga, Fotografo Granada, Fotografo, Fotografo, Marbella, Fotografo Torremolinos, Fotografo Benalm\u00e1dena, Fotografo Fuengirola, Fotografo Frigiliana, Fotografo Torre del Mar, Fotografo Rinc\u00f3n de la Victoria, Fotografo Torrox, Fotografo Paisajes, Fotografo Profesional Hoteles, Fotografo Profesional Inmobiliaria, Fotografo Interiorismo, Fotografo Arquitectura, Fotografo Decoraci\u00f3n, Fotografia Decorativa, Fotografo Turismo, Fotografo Viajes\" rel=\"\" title=\"\" \/><div class=\"caption-wrap\"><div class=\"caption\">Fot\u00f3grafo Profesional M\u00e1laga Marbella Granada Nerja | Fotografo Arquitectura | Fotografo Hoteles | Fotografo Interiorismo | Fotografo Inmobiliaria | Fotografo Decoracion | Fotografo Viajes<\/div><\/div><\/li>\n            <li style='display: none;' aria-roledescription='slide' aria-labelledby='slide-41'><img loading=\"lazy\" decoding=\"async\" width=\"2000\" height=\"1039\" src=\"https:\/\/gonzalogamizfoto.com\/wp-content\/uploads\/2018\/01\/Opt_06.jpg\" class=\"slider-7726 slide-7756 msDefaultImage\" alt=\"Fotografo Profesional M\u00e1laga, Fotografo M\u00e1laga, Fotografo Granada, Fotografo, Fotografo, Marbella, Fotografo Torremolinos, Fotografo Benalm\u00e1dena, Fotografo Fuengirola, Fotografo Frigiliana, Fotografo Torre del Mar, Fotografo Rinc\u00f3n de la Victoria, Fotografo Torrox, Fotografo Paisajes, Fotografo Profesional Hoteles, Fotografo Profesional Inmobiliaria, Fotografo Interiorismo, Fotografo Arquitectura, Fotografo Decoraci\u00f3n, Fotografia Decorativa, Fotografo Turismo, Fotografo Viajes\" rel=\"\" title=\"\" \/><div class=\"caption-wrap\"><div class=\"caption\">Fot\u00f3grafo Profesional M\u00e1laga Marbella Granada Nerja | Fotografo Arquitectura | Fotografo Hoteles | Fotografo Interiorismo | Fotografo Inmobiliaria | Fotografo Decoracion | Fotografo Viajes<\/div><\/div><\/li>\n            <li style='display: none;' aria-roledescription='slide' aria-labelledby='slide-42'><img loading=\"lazy\" decoding=\"async\" width=\"2000\" height=\"1039\" src=\"https:\/\/gonzalogamizfoto.com\/wp-content\/uploads\/2023\/11\/PTA-19_26.jpg\" class=\"slider-7726 slide-8572 msDefaultImage\" alt=\"\" rel=\"\" title=\"\" srcset=\"https:\/\/gonzalogamizfoto.com\/wp-content\/uploads\/2023\/11\/PTA-19_26.jpg 2000w, https:\/\/gonzalogamizfoto.com\/wp-content\/uploads\/2023\/11\/PTA-19_26-300x156.jpg 300w, https:\/\/gonzalogamizfoto.com\/wp-content\/uploads\/2023\/11\/PTA-19_26-1024x532.jpg 1024w, https:\/\/gonzalogamizfoto.com\/wp-content\/uploads\/2023\/11\/PTA-19_26-768x399.jpg 768w, https:\/\/gonzalogamizfoto.com\/wp-content\/uploads\/2023\/11\/PTA-19_26-1536x798.jpg 1536w, https:\/\/gonzalogamizfoto.com\/wp-content\/uploads\/2023\/11\/PTA-19_26-500x260.jpg 500w\" sizes=\"(max-width: 2000px) 100vw, 2000px\" \/><div class=\"caption-wrap\"><div class=\"caption\">Fot\u00f3grafo Profesional M\u00e1laga Marbella Granada Nerja | Fotografo Arquitectura | Fotografo Hoteles | Fotografo Interiorismo | Fotografo Inmobiliaria | Fotografo Decoracion | Fotografo Viajes <\/div><\/div><\/li>\n            <li style='display: none;' aria-roledescription='slide' aria-labelledby='slide-43'><img loading=\"lazy\" decoding=\"async\" width=\"2000\" height=\"1039\" src=\"https:\/\/gonzalogamizfoto.com\/wp-content\/uploads\/2023\/10\/DSC0340-Muelle-6.jpg\" class=\"slider-7726 slide-8566 msDefaultImage\" alt=\"\" rel=\"\" title=\"\" srcset=\"https:\/\/gonzalogamizfoto.com\/wp-content\/uploads\/2023\/10\/DSC0340-Muelle-6.jpg 2000w, https:\/\/gonzalogamizfoto.com\/wp-content\/uploads\/2023\/10\/DSC0340-Muelle-6-300x156.jpg 300w, https:\/\/gonzalogamizfoto.com\/wp-content\/uploads\/2023\/10\/DSC0340-Muelle-6-1024x532.jpg 1024w, https:\/\/gonzalogamizfoto.com\/wp-content\/uploads\/2023\/10\/DSC0340-Muelle-6-768x399.jpg 768w, https:\/\/gonzalogamizfoto.com\/wp-content\/uploads\/2023\/10\/DSC0340-Muelle-6-1536x798.jpg 1536w, https:\/\/gonzalogamizfoto.com\/wp-content\/uploads\/2023\/10\/DSC0340-Muelle-6-500x260.jpg 500w\" sizes=\"(max-width: 2000px) 100vw, 2000px\" \/><div class=\"caption-wrap\"><div class=\"caption\">Fot\u00f3grafo Profesional M\u00e1laga Marbella Granada Nerja | Fotografo Arquitectura | Fotografo Hoteles | Fotografo Interiorismo | Fotografo Inmobiliaria | Fotografo Decoracion | Fotografo Viajes <\/div><\/div><\/li>\n            <li style='display: none;' aria-roledescription='slide' aria-labelledby='slide-44'><img loading=\"lazy\" decoding=\"async\" width=\"2000\" height=\"1039\" src=\"https:\/\/gonzalogamizfoto.com\/wp-content\/uploads\/2018\/01\/Opt_12.jpg\" class=\"slider-7726 slide-7750 msDefaultImage\" alt=\"Fotografo Profesional M\u00e1laga, Fotografo M\u00e1laga, Fotografo Granada, Fotografo, Fotografo, Marbella, Fotografo Torremolinos, Fotografo Benalm\u00e1dena, Fotografo Fuengirola, Fotografo Frigiliana, Fotografo Torre del Mar, Fotografo Rinc\u00f3n de la Victoria, Fotografo Torrox, Fotografo Paisajes, Fotografo Profesional Hoteles, Fotografo Profesional Inmobiliaria, Fotografo Interiorismo, Fotografo Arquitectura, Fotografo Decoraci\u00f3n, Fotografia Decorativa, Fotografo Turismo, Fotografo Viajes\" rel=\"\" title=\"\" \/><div class=\"caption-wrap\"><div class=\"caption\">Fot\u00f3grafo Profesional M\u00e1laga Marbella Granada Nerja | Fotografo Arquitectura | Fotografo Hoteles | Fotografo Interiorismo | Fotografo Inmobiliaria | Fotografo Decoracion | Fotografo Viajes<\/div><\/div><\/li>\n            <li style='display: none;' aria-roledescription='slide' aria-labelledby='slide-45'><img loading=\"lazy\" decoding=\"async\" width=\"2000\" height=\"1039\" src=\"https:\/\/gonzalogamizfoto.com\/wp-content\/uploads\/2020\/12\/Opt_15.jpg\" class=\"slider-7726 slide-7731 msDefaultImage\" alt=\"\" rel=\"\" title=\"\" \/><div class=\"caption-wrap\"><div class=\"caption\">Fot\u00f3grafo Profesional M\u00e1laga Marbella Granada Nerja | Fotografo Arquitectura | Fotografo Hoteles | Fotografo Interiorismo | Fotografo Inmobiliaria | Fotografo Decoracion | Fotografo Viajes<\/div><\/div><\/li>\n            <li style='display: none;' aria-roledescription='slide' aria-labelledby='slide-46'><img loading=\"lazy\" decoding=\"async\" width=\"2000\" height=\"1039\" src=\"https:\/\/gonzalogamizfoto.com\/wp-content\/uploads\/2018\/01\/Opt_27.jpg\" class=\"slider-7726 slide-7737 msDefaultImage\" alt=\"Fotografo Profesional M\u00e1laga, Fotografo M\u00e1laga, Fotografo Granada, Fotografo, Fotografo, Marbella, Fotografo Torremolinos, Fotografo Benalm\u00e1dena, Fotografo Fuengirola, Fotografo Frigiliana, Fotografo Torre del Mar, Fotografo Rinc\u00f3n de la Victoria, Fotografo Torrox, Fotografo Paisajes, Fotografo Profesional Hoteles, Fotografo Profesional Inmobiliaria, Fotografo Interiorismo, Fotografo Arquitectura, Fotografo Decoraci\u00f3n, Fotografia Decorativa, Fotografo Turismo, Fotografo Viajes\" rel=\"\" title=\"\" \/><div class=\"caption-wrap\"><div class=\"caption\">Fot\u00f3grafo Profesional M\u00e1laga Marbella Granada Nerja | Fotografo Arquitectura | Fotografo Hoteles | Fotografo Interiorismo | Fotografo Inmobiliaria | Fotografo Decoracion | Fotografo Viajes<\/div><\/div><\/li>\n            <li style='display: none;' aria-roledescription='slide' aria-labelledby='slide-47'><img loading=\"lazy\" decoding=\"async\" width=\"2000\" height=\"1040\" src=\"https:\/\/gonzalogamizfoto.com\/wp-content\/uploads\/2023\/11\/Palacio_de_Ferias-19_10.jpg\" class=\"slider-7726 slide-8927 msDefaultImage\" alt=\"\" rel=\"\" title=\"\" srcset=\"https:\/\/gonzalogamizfoto.com\/wp-content\/uploads\/2023\/11\/Palacio_de_Ferias-19_10.jpg 2000w, https:\/\/gonzalogamizfoto.com\/wp-content\/uploads\/2023\/11\/Palacio_de_Ferias-19_10-300x156.jpg 300w, https:\/\/gonzalogamizfoto.com\/wp-content\/uploads\/2023\/11\/Palacio_de_Ferias-19_10-1024x532.jpg 1024w, https:\/\/gonzalogamizfoto.com\/wp-content\/uploads\/2023\/11\/Palacio_de_Ferias-19_10-768x399.jpg 768w, https:\/\/gonzalogamizfoto.com\/wp-content\/uploads\/2023\/11\/Palacio_de_Ferias-19_10-1536x799.jpg 1536w, https:\/\/gonzalogamizfoto.com\/wp-content\/uploads\/2023\/11\/Palacio_de_Ferias-19_10-500x260.jpg 500w\" sizes=\"(max-width: 2000px) 100vw, 2000px\" \/><div class=\"caption-wrap\"><div class=\"caption\">Fot\u00f3grafo Profesional M\u00e1laga Marbella Granada Nerja | Fotografo Arquitectura | Fotografo Hoteles | Fotografo Interiorismo | Fotografo Inmobiliaria | Fotografo Decoracion | Fotografo Viajes <\/div><\/div><\/li>\n            <li style='display: none;' aria-roledescription='slide' aria-labelledby='slide-48'><img loading=\"lazy\" decoding=\"async\" width=\"2000\" height=\"1039\" src=\"https:\/\/gonzalogamizfoto.com\/wp-content\/uploads\/2020\/12\/HURDES-17-173-5_pano-Meandro-Melero.jpg\" class=\"slider-7726 slide-7729 msDefaultImage\" alt=\"\" rel=\"\" title=\"\" \/><div class=\"caption-wrap\"><div class=\"caption\">Fot\u00f3grafo Profesional M\u00e1laga Marbella Granada Nerja | Fotografo Arquitectura | Fotografo Hoteles | Fotografo Interiorismo | Fotografo Inmobiliaria | Fotografo Decoracion | Fotografo Viajes<\/div><\/div><\/li>\n        <\/ul>\n        \n    <\/div>\n<\/div>\t\t\t\t\t\t\t\t<\/div>\n\t\t\t\t<\/div>\n\t\t\t\t<\/div>\n\t\t<div class=\"elementor-element elementor-element-0515f4e elementor-hidden-desktop elementor-hidden-tablet e-flex e-con-boxed e-con e-parent\" data-id=\"0515f4e\" data-element_type=\"container\" data-e-type=\"container\">\n\t\t\t\t\t<div class=\"e-con-inner\">\n\t\t\t\t<div class=\"elementor-element elementor-element-03ac0a2 elementor-widget elementor-widget-shortcode\" data-id=\"03ac0a2\" data-element_type=\"widget\" data-e-type=\"widget\" data-widget_type=\"shortcode.default\">\n\t\t\t\t<div class=\"elementor-widget-container\">\n\t\t\t\t\t\t\t<div class=\"elementor-shortcode\"><div class=\"trp_language_switcher_shortcode\">\n<div class=\"trp-language-switcher trp-language-switcher-container\" data-no-translation >\n    <div class=\"trp-ls-shortcode-current-language\">\n        <a href=\"#\" class=\"trp-ls-shortcode-disabled-language trp-ls-disabled-language\" title=\"English\" onclick=\"event.preventDefault()\">\n\t\t\t EN\t\t<\/a>\n    <\/div>\n    <div class=\"trp-ls-shortcode-language\">\n                <a href=\"#\" class=\"trp-ls-shortcode-disabled-language trp-ls-disabled-language\"  title=\"English\" onclick=\"event.preventDefault()\">\n\t\t\t EN\t\t<\/a>\n                    <a href=\"https:\/\/gonzalogamizfoto.com\/en\/wp-json\/wp\/v2\/pages\/11#TRPLINKPROCESSED\" title=\"Spanish\">\n             ES        <\/a>\n\n        <\/div>\n    <script type=\"application\/javascript\">\n        \/\/ need to have the same with set from JS on both divs. Otherwise it can push stuff around in HTML\n        var trp_ls_shortcodes = document.querySelectorAll('.trp_language_switcher_shortcode .trp-language-switcher');\n        if ( trp_ls_shortcodes.length > 0) {\n            \/\/ get the last language switcher added\n            var trp_el = trp_ls_shortcodes[trp_ls_shortcodes.length - 1];\n\n            var trp_shortcode_language_item = trp_el.querySelector( '.trp-ls-shortcode-language' )\n            \/\/ set width\n            var trp_ls_shortcode_width                                               = trp_shortcode_language_item.offsetWidth + 16;\n            trp_shortcode_language_item.style.width                                  = trp_ls_shortcode_width + 'px';\n            trp_el.querySelector( '.trp-ls-shortcode-current-language' ).style.width = trp_ls_shortcode_width + 'px';\n\n            \/\/ We're putting this on display: none after we have its width.\n            trp_shortcode_language_item.style.display = 'none';\n        }\n    <\/script>\n<\/div>\n<\/div><\/div>\n\t\t\t\t\t\t<\/div>\n\t\t\t\t<\/div>\n\t\t\t\t\t<\/div>\n\t\t\t\t<\/div>\n\t\t\t\t<\/div>\n\t\t","protected":false},"excerpt":{"rendered":"","protected":false},"author":2,"featured_media":0,"parent":0,"menu_order":0,"comment_status":"closed","ping_status":"closed","template":"","meta":{"footnotes":""},"class_list":["post-11","page","type-page","status-publish","hentry"],"_links":{"self":[{"href":"https:\/\/gonzalogamizfoto.com\/en\/wp-json\/wp\/v2\/pages\/11","targetHints":{"allow":["GET"]}}],"collection":[{"href":"https:\/\/gonzalogamizfoto.com\/en\/wp-json\/wp\/v2\/pages"}],"about":[{"href":"https:\/\/gonzalogamizfoto.com\/en\/wp-json\/wp\/v2\/types\/page"}],"author":[{"embeddable":true,"href":"https:\/\/gonzalogamizfoto.com\/en\/wp-json\/wp\/v2\/users\/2"}],"replies":[{"embeddable":true,"href":"https:\/\/gonzalogamizfoto.com\/en\/wp-json\/wp\/v2\/comments?post=11"}],"version-history":[{"count":116,"href":"https:\/\/gonzalogamizfoto.com\/en\/wp-json\/wp\/v2\/pages\/11\/revisions"}],"predecessor-version":[{"id":9604,"href":"https:\/\/gonzalogamizfoto.com\/en\/wp-json\/wp\/v2\/pages\/11\/revisions\/9604"}],"wp:attachment":[{"href":"https:\/\/gonzalogamizfoto.com\/en\/wp-json\/wp\/v2\/media?parent=11"}],"curies":[{"name":"wp","href":"https:\/\/api.w.org\/{rel}","templated":true}]}}